{"id":3274,"date":"2024-02-27T15:03:48","date_gmt":"2024-02-27T14:03:48","guid":{"rendered":"https:\/\/www.investforbetterclimate.eu\/open-call-1\/"},"modified":"2024-06-17T12:54:02","modified_gmt":"2024-06-17T10:54:02","slug":"open-call-1","status":"publish","type":"page","link":"https:\/\/www.investforbetterclimate.eu\/fr\/","title":{"rendered":"Bienvenue"},"content":{"rendered":"\n<div class=\"wp-block-group\"><div class=\"wp-block-group__inner-container is-layout-constrained wp-block-group-is-layout-constrained\">\n<h2 class=\"wp-block-heading\"><strong>Step into Your Financial Power<\/strong><\/h2>\n\n\n\n<p>Join our community and transform the world through values-aligned investing<\/p>\n\n\n\n<p>Invest for Better Climate EU is a programme that equips retail investors with the skills and confidence to take charge of their assets for positive change. Through a values-aligned investing community, expert-backed financial education, and facilitated learning circles, our members build confidence and grow their wealth while championing sustainability and social justice.<\/p>\n\n\n    <div class=\"testimonies_slider_box\">\r\n    <ul class=\"slides\">\r\n                <li class=\"\"> \r\n        <div class=\"testimonies_content\">    \r\n            \r\n\t\t<div class=\"thumb\">        \t        \t\r\n            <img loading=\"lazy\" decoding=\"async\" width=\"250\" height=\"167\" src=\"https:\/\/www.investforbetterclimate.eu\/wp-content\/uploads\/2024\/06\/flag-uk-250x167.png\" class=\"attachment-medium size-medium wp-post-image\" alt=\"\u00ab\u00a0Thank you very much for the documents and especially for the offer from DSW to attend this seminar on sustainable investment! It was very interesting and I enjoyed it\u00a0\u00bb\" srcset=\"https:\/\/www.investforbetterclimate.eu\/wp-content\/uploads\/2024\/06\/flag-uk-250x167.png 250w, https:\/\/www.investforbetterclimate.eu\/wp-content\/uploads\/2024\/06\/flag-uk-512x341.png 512w, https:\/\/www.investforbetterclimate.eu\/wp-content\/uploads\/2024\/06\/flag-uk-768x512.png 768w, https:\/\/www.investforbetterclimate.eu\/wp-content\/uploads\/2024\/06\/flag-uk-400x267.png 400w, https:\/\/www.investforbetterclimate.eu\/wp-content\/uploads\/2024\/06\/flag-uk-275x183.png 275w, https:\/\/www.investforbetterclimate.eu\/wp-content\/uploads\/2024\/06\/flag-uk-300x200.png 300w, https:\/\/www.investforbetterclimate.eu\/wp-content\/uploads\/2024\/06\/flag-uk.png 900w\" sizes=\"auto, (max-width: 250px) 100vw, 250px\" \/>               \r\n        <\/div>\r\n                <div class=\"detail\">\t\r\n\t\t\t\u00ab\u00a0Thank you very much for the documents and especially for the offer from DSW to attend this seminar on sustainable investment! It was very interesting and I enjoyed it\u00a0\u00bb          \r\n        <\/div>\r\n        <\/div>\r\n\t\t<\/li>\r\n                <li class=\"\"> \r\n        <div class=\"testimonies_content\">    \r\n            \r\n\t\t<div class=\"thumb\">        \t        \t\r\n            <img loading=\"lazy\" decoding=\"async\" width=\"250\" height=\"167\" src=\"https:\/\/www.investforbetterclimate.eu\/wp-content\/uploads\/2024\/06\/flag-sp-250x167.png\" class=\"attachment-medium size-medium wp-post-image\" alt=\"\u00ab\u00a0Ha sido un proyecto interesante, y m\u00e1s en estos d\u00edas en los que estamos viendo c\u00f3mo el planeta y el clima est\u00e1n cambiando a una velocidad vertiginosa. No hay planeta B, como se dice, pero es cierto.\u00a0\u00bb\" srcset=\"https:\/\/www.investforbetterclimate.eu\/wp-content\/uploads\/2024\/06\/flag-sp-250x167.png 250w, https:\/\/www.investforbetterclimate.eu\/wp-content\/uploads\/2024\/06\/flag-sp-512x341.png 512w, https:\/\/www.investforbetterclimate.eu\/wp-content\/uploads\/2024\/06\/flag-sp-768x512.png 768w, https:\/\/www.investforbetterclimate.eu\/wp-content\/uploads\/2024\/06\/flag-sp-400x267.png 400w, https:\/\/www.investforbetterclimate.eu\/wp-content\/uploads\/2024\/06\/flag-sp-275x183.png 275w, https:\/\/www.investforbetterclimate.eu\/wp-content\/uploads\/2024\/06\/flag-sp-300x200.png 300w, https:\/\/www.investforbetterclimate.eu\/wp-content\/uploads\/2024\/06\/flag-sp.png 900w\" sizes=\"auto, (max-width: 250px) 100vw, 250px\" \/>               \r\n        <\/div>\r\n                <div class=\"detail\">\t\r\n\t\t\t\u00ab\u00a0Ha sido un proyecto interesante, y m\u00e1s en estos d\u00edas en los que estamos viendo c\u00f3mo el planeta y el clima est\u00e1n cambiando a una velocidad vertiginosa. No hay planeta B, como se dice, pero es cierto.\u00a0\u00bb          \r\n        <\/div>\r\n        <\/div>\r\n\t\t<\/li>\r\n                <li class=\"\"> \r\n        <div class=\"testimonies_content\">    \r\n            \r\n\t\t<div class=\"thumb\">        \t        \t\r\n            <img loading=\"lazy\" decoding=\"async\" width=\"250\" height=\"167\" src=\"https:\/\/www.investforbetterclimate.eu\/wp-content\/uploads\/2024\/06\/flag-fr-250x167.png\" class=\"attachment-medium size-medium wp-post-image\" alt=\"\u00ab\u00a0J&rsquo;ai suivi ce cours \u00e0 la demande de ma fille et il m&rsquo;a permis d&rsquo;am\u00e9liorer mes comp\u00e9tences dans le domaine de l&rsquo;investissement. \u00ab\u00a0\" srcset=\"https:\/\/www.investforbetterclimate.eu\/wp-content\/uploads\/2024\/06\/flag-fr-250x167.png 250w, https:\/\/www.investforbetterclimate.eu\/wp-content\/uploads\/2024\/06\/flag-fr-512x341.png 512w, https:\/\/www.investforbetterclimate.eu\/wp-content\/uploads\/2024\/06\/flag-fr-768x512.png 768w, https:\/\/www.investforbetterclimate.eu\/wp-content\/uploads\/2024\/06\/flag-fr-400x267.png 400w, https:\/\/www.investforbetterclimate.eu\/wp-content\/uploads\/2024\/06\/flag-fr-275x183.png 275w, https:\/\/www.investforbetterclimate.eu\/wp-content\/uploads\/2024\/06\/flag-fr-300x200.png 300w, https:\/\/www.investforbetterclimate.eu\/wp-content\/uploads\/2024\/06\/flag-fr.png 900w\" sizes=\"auto, (max-width: 250px) 100vw, 250px\" \/>               \r\n        <\/div>\r\n                <div class=\"detail\">\t\r\n\t\t\t\u00ab\u00a0J&rsquo;ai suivi ce cours \u00e0 la demande de ma fille et il m&rsquo;a permis d&rsquo;am\u00e9liorer mes comp\u00e9tences dans le domaine de l&rsquo;investissement. \u00ab\u00a0          \r\n        <\/div>\r\n        <\/div>\r\n\t\t<\/li>\r\n                <li class=\"\"> \r\n        <div class=\"testimonies_content\">    \r\n            \r\n\t\t<div class=\"thumb\">        \t        \t\r\n            <img loading=\"lazy\" decoding=\"async\" width=\"250\" height=\"167\" src=\"https:\/\/www.investforbetterclimate.eu\/wp-content\/uploads\/2024\/06\/flag-pl-250x167.png\" class=\"attachment-medium size-medium wp-post-image\" alt=\"\u00ab\u00a0Przy okazji chcia\u0142am tak\u017ce bardzo podzi\u0119kowa\u0107 za bardzo ciekawe i bardzo dobrze przygotowane szkolenie. Dzi\u0119kuj\u0119!\u00a0\u00bb\" srcset=\"https:\/\/www.investforbetterclimate.eu\/wp-content\/uploads\/2024\/06\/flag-pl-250x167.png 250w, https:\/\/www.investforbetterclimate.eu\/wp-content\/uploads\/2024\/06\/flag-pl-512x341.png 512w, https:\/\/www.investforbetterclimate.eu\/wp-content\/uploads\/2024\/06\/flag-pl-768x512.png 768w, https:\/\/www.investforbetterclimate.eu\/wp-content\/uploads\/2024\/06\/flag-pl-400x267.png 400w, https:\/\/www.investforbetterclimate.eu\/wp-content\/uploads\/2024\/06\/flag-pl-275x183.png 275w, https:\/\/www.investforbetterclimate.eu\/wp-content\/uploads\/2024\/06\/flag-pl-300x200.png 300w, https:\/\/www.investforbetterclimate.eu\/wp-content\/uploads\/2024\/06\/flag-pl.png 900w\" sizes=\"auto, (max-width: 250px) 100vw, 250px\" \/>               \r\n        <\/div>\r\n                <div class=\"detail\">\t\r\n\t\t\t\u00ab\u00a0Przy okazji chcia\u0142am tak\u017ce bardzo podzi\u0119kowa\u0107 za bardzo ciekawe i bardzo dobrze przygotowane szkolenie. Dzi\u0119kuj\u0119!\u00a0\u00bb          \r\n        <\/div>\r\n        <\/div>\r\n\t\t<\/li>\r\n                <li class=\"\"> \r\n        <div class=\"testimonies_content\">    \r\n            \r\n\t\t<div class=\"thumb\">        \t        \t\r\n            <img loading=\"lazy\" decoding=\"async\" width=\"250\" height=\"167\" src=\"https:\/\/www.investforbetterclimate.eu\/wp-content\/uploads\/2024\/06\/flag-de-250x167.png\" class=\"attachment-medium size-medium wp-post-image\" alt=\"\u00ab\u00a0Es hat mir wirklich sehr gut gefallen und es war sehr informativ und verst\u00e4ndlich dargestellt \u2013 vor allem die Pr\u00e4sentationen\u00a0\u00bb\" srcset=\"https:\/\/www.investforbetterclimate.eu\/wp-content\/uploads\/2024\/06\/flag-de-250x167.png 250w, https:\/\/www.investforbetterclimate.eu\/wp-content\/uploads\/2024\/06\/flag-de-512x341.png 512w, https:\/\/www.investforbetterclimate.eu\/wp-content\/uploads\/2024\/06\/flag-de-768x512.png 768w, https:\/\/www.investforbetterclimate.eu\/wp-content\/uploads\/2024\/06\/flag-de-400x267.png 400w, https:\/\/www.investforbetterclimate.eu\/wp-content\/uploads\/2024\/06\/flag-de-275x183.png 275w, https:\/\/www.investforbetterclimate.eu\/wp-content\/uploads\/2024\/06\/flag-de-300x200.png 300w, https:\/\/www.investforbetterclimate.eu\/wp-content\/uploads\/2024\/06\/flag-de.png 900w\" sizes=\"auto, (max-width: 250px) 100vw, 250px\" \/>               \r\n        <\/div>\r\n                <div class=\"detail\">\t\r\n\t\t\t\u00ab\u00a0Es hat mir wirklich sehr gut gefallen und es war sehr informativ und verst\u00e4ndlich dargestellt \u2013 vor allem die Pr\u00e4sentationen\u00a0\u00bb          \r\n        <\/div>\r\n        <\/div>\r\n\t\t<\/li>\r\n                <li class=\"\"> \r\n        <div class=\"testimonies_content\">    \r\n            \r\n\t\t<div class=\"thumb\">        \t        \t\r\n            <img loading=\"lazy\" decoding=\"async\" width=\"250\" height=\"167\" src=\"https:\/\/www.investforbetterclimate.eu\/wp-content\/uploads\/2024\/06\/flag-uk-250x167.png\" class=\"attachment-medium size-medium wp-post-image\" alt=\"\u00ab\u00a0That was a very good project, an important initiative for the financial education of women. I hope this was just the starting signal.\u00a0\u00bb\" srcset=\"https:\/\/www.investforbetterclimate.eu\/wp-content\/uploads\/2024\/06\/flag-uk-250x167.png 250w, https:\/\/www.investforbetterclimate.eu\/wp-content\/uploads\/2024\/06\/flag-uk-512x341.png 512w, https:\/\/www.investforbetterclimate.eu\/wp-content\/uploads\/2024\/06\/flag-uk-768x512.png 768w, https:\/\/www.investforbetterclimate.eu\/wp-content\/uploads\/2024\/06\/flag-uk-400x267.png 400w, https:\/\/www.investforbetterclimate.eu\/wp-content\/uploads\/2024\/06\/flag-uk-275x183.png 275w, https:\/\/www.investforbetterclimate.eu\/wp-content\/uploads\/2024\/06\/flag-uk-300x200.png 300w, https:\/\/www.investforbetterclimate.eu\/wp-content\/uploads\/2024\/06\/flag-uk.png 900w\" sizes=\"auto, (max-width: 250px) 100vw, 250px\" \/>               \r\n        <\/div>\r\n                <div class=\"detail\">\t\r\n\t\t\t\u00ab\u00a0That was a very good project, an important initiative for the financial education of women. I hope this was just the starting signal.\u00a0\u00bb          \r\n        <\/div>\r\n        <\/div>\r\n\t\t<\/li>\r\n                <li class=\"\"> \r\n        <div class=\"testimonies_content\">    \r\n            \r\n\t\t<div class=\"thumb\">        \t        \t\r\n            <img loading=\"lazy\" decoding=\"async\" width=\"250\" height=\"167\" src=\"https:\/\/www.investforbetterclimate.eu\/wp-content\/uploads\/2024\/06\/flag-pl-250x167.png\" class=\"attachment-medium size-medium wp-post-image\" alt=\"\u00ab\u00a0Bardzo dzi\u0119kuj\u0119 za przeprowadzone szkolenie! Uczestniczy\u0142o si\u0119 w nim wspaniale, a atmosfera by\u0142a przemi\u0142a.\u00a0\u00bb\" srcset=\"https:\/\/www.investforbetterclimate.eu\/wp-content\/uploads\/2024\/06\/flag-pl-250x167.png 250w, https:\/\/www.investforbetterclimate.eu\/wp-content\/uploads\/2024\/06\/flag-pl-512x341.png 512w, https:\/\/www.investforbetterclimate.eu\/wp-content\/uploads\/2024\/06\/flag-pl-768x512.png 768w, https:\/\/www.investforbetterclimate.eu\/wp-content\/uploads\/2024\/06\/flag-pl-400x267.png 400w, https:\/\/www.investforbetterclimate.eu\/wp-content\/uploads\/2024\/06\/flag-pl-275x183.png 275w, https:\/\/www.investforbetterclimate.eu\/wp-content\/uploads\/2024\/06\/flag-pl-300x200.png 300w, https:\/\/www.investforbetterclimate.eu\/wp-content\/uploads\/2024\/06\/flag-pl.png 900w\" sizes=\"auto, (max-width: 250px) 100vw, 250px\" \/>               \r\n        <\/div>\r\n                <div class=\"detail\">\t\r\n\t\t\t\u00ab\u00a0Bardzo dzi\u0119kuj\u0119 za przeprowadzone szkolenie! Uczestniczy\u0142o si\u0119 w nim wspaniale, a atmosfera by\u0142a przemi\u0142a.\u00a0\u00bb          \r\n        <\/div>\r\n        <\/div>\r\n\t\t<\/li>\r\n                <li class=\"\"> \r\n        <div class=\"testimonies_content\">    \r\n            \r\n\t\t<div class=\"thumb\">        \t        \t\r\n            <img loading=\"lazy\" decoding=\"async\" width=\"250\" height=\"167\" src=\"https:\/\/www.investforbetterclimate.eu\/wp-content\/uploads\/2024\/06\/flag-uk-250x167.png\" class=\"attachment-medium size-medium wp-post-image\" alt=\"\u00ab\u00a0The seminar series was very informative and I regret that I was not able to attend all the dates.\u00a0\u00bb\" srcset=\"https:\/\/www.investforbetterclimate.eu\/wp-content\/uploads\/2024\/06\/flag-uk-250x167.png 250w, https:\/\/www.investforbetterclimate.eu\/wp-content\/uploads\/2024\/06\/flag-uk-512x341.png 512w, https:\/\/www.investforbetterclimate.eu\/wp-content\/uploads\/2024\/06\/flag-uk-768x512.png 768w, https:\/\/www.investforbetterclimate.eu\/wp-content\/uploads\/2024\/06\/flag-uk-400x267.png 400w, https:\/\/www.investforbetterclimate.eu\/wp-content\/uploads\/2024\/06\/flag-uk-275x183.png 275w, https:\/\/www.investforbetterclimate.eu\/wp-content\/uploads\/2024\/06\/flag-uk-300x200.png 300w, https:\/\/www.investforbetterclimate.eu\/wp-content\/uploads\/2024\/06\/flag-uk.png 900w\" sizes=\"auto, (max-width: 250px) 100vw, 250px\" \/>               \r\n        <\/div>\r\n                <div class=\"detail\">\t\r\n\t\t\t\u00ab\u00a0The seminar series was very informative and I regret that I was not able to attend all the dates.\u00a0\u00bb          \r\n        <\/div>\r\n        <\/div>\r\n\t\t<\/li>\r\n                <li class=\"\"> \r\n        <div class=\"testimonies_content\">    \r\n            \r\n\t\t<div class=\"thumb\">        \t        \t\r\n            <img loading=\"lazy\" decoding=\"async\" width=\"250\" height=\"167\" src=\"https:\/\/www.investforbetterclimate.eu\/wp-content\/uploads\/2024\/06\/flag-sp-250x167.png\" class=\"attachment-medium size-medium wp-post-image\" alt=\"\u00ab\u00a0Aunque no pude asistir a los talleres en directo, me agrad\u00f3 que subieran los videos a YouTube para poder verlos despu\u00e9s.\u00a0\u00bb\" srcset=\"https:\/\/www.investforbetterclimate.eu\/wp-content\/uploads\/2024\/06\/flag-sp-250x167.png 250w, https:\/\/www.investforbetterclimate.eu\/wp-content\/uploads\/2024\/06\/flag-sp-512x341.png 512w, https:\/\/www.investforbetterclimate.eu\/wp-content\/uploads\/2024\/06\/flag-sp-768x512.png 768w, https:\/\/www.investforbetterclimate.eu\/wp-content\/uploads\/2024\/06\/flag-sp-400x267.png 400w, https:\/\/www.investforbetterclimate.eu\/wp-content\/uploads\/2024\/06\/flag-sp-275x183.png 275w, https:\/\/www.investforbetterclimate.eu\/wp-content\/uploads\/2024\/06\/flag-sp-300x200.png 300w, https:\/\/www.investforbetterclimate.eu\/wp-content\/uploads\/2024\/06\/flag-sp.png 900w\" sizes=\"auto, (max-width: 250px) 100vw, 250px\" \/>               \r\n        <\/div>\r\n                <div class=\"detail\">\t\r\n\t\t\t\u00ab\u00a0Aunque no pude asistir a los talleres en directo, me agrad\u00f3 que subieran los videos a YouTube para poder verlos despu\u00e9s.\u00a0\u00bb          \r\n        <\/div>\r\n        <\/div>\r\n\t\t<\/li>\r\n                <li class=\"\"> \r\n        <div class=\"testimonies_content\">    \r\n            \r\n\t\t<div class=\"thumb\">        \t        \t\r\n            <img loading=\"lazy\" decoding=\"async\" width=\"250\" height=\"167\" src=\"https:\/\/www.investforbetterclimate.eu\/wp-content\/uploads\/2024\/06\/flag-fr-250x167.png\" class=\"attachment-medium size-medium wp-post-image\" alt=\"\u00ab\u00a0Ces modules devraient \u00eatre accessibles \u00e0 tous, avec des sessions annuelles pour sensibiliser un maximum de femmes \u00e0 l\u2019investissement durable\u00a0\u00bb\" srcset=\"https:\/\/www.investforbetterclimate.eu\/wp-content\/uploads\/2024\/06\/flag-fr-250x167.png 250w, https:\/\/www.investforbetterclimate.eu\/wp-content\/uploads\/2024\/06\/flag-fr-512x341.png 512w, https:\/\/www.investforbetterclimate.eu\/wp-content\/uploads\/2024\/06\/flag-fr-768x512.png 768w, https:\/\/www.investforbetterclimate.eu\/wp-content\/uploads\/2024\/06\/flag-fr-400x267.png 400w, https:\/\/www.investforbetterclimate.eu\/wp-content\/uploads\/2024\/06\/flag-fr-275x183.png 275w, https:\/\/www.investforbetterclimate.eu\/wp-content\/uploads\/2024\/06\/flag-fr-300x200.png 300w, https:\/\/www.investforbetterclimate.eu\/wp-content\/uploads\/2024\/06\/flag-fr.png 900w\" sizes=\"auto, (max-width: 250px) 100vw, 250px\" \/>               \r\n        <\/div>\r\n                <div class=\"detail\">\t\r\n\t\t\t\u00ab\u00a0Ces modules devraient \u00eatre accessibles \u00e0 tous, avec des sessions annuelles pour sensibiliser un maximum de femmes \u00e0 l\u2019investissement durable\u00a0\u00bb          \r\n        <\/div>\r\n        <\/div>\r\n\t\t<\/li>\r\n                <li class=\"\"> \r\n        <div class=\"testimonies_content\">    \r\n            \r\n\t\t<div class=\"thumb\">        \t        \t\r\n            <img loading=\"lazy\" decoding=\"async\" width=\"250\" height=\"167\" src=\"https:\/\/www.investforbetterclimate.eu\/wp-content\/uploads\/2024\/06\/flag-de-250x167.png\" class=\"attachment-medium size-medium wp-post-image\" alt=\"\u00ab\u00a0Vielen herzlichen Dank f\u00fcr die Unterlagen und vor allem f\u00fcr das Angebot der DSW, dieses Seminar zum Nachhaltigen Investment besuchen zu d\u00fcrfen! Es war sehr interessant und hat mir Spa\u00df gemacht\u00a0\u00bb\" srcset=\"https:\/\/www.investforbetterclimate.eu\/wp-content\/uploads\/2024\/06\/flag-de-250x167.png 250w, https:\/\/www.investforbetterclimate.eu\/wp-content\/uploads\/2024\/06\/flag-de-512x341.png 512w, https:\/\/www.investforbetterclimate.eu\/wp-content\/uploads\/2024\/06\/flag-de-768x512.png 768w, https:\/\/www.investforbetterclimate.eu\/wp-content\/uploads\/2024\/06\/flag-de-400x267.png 400w, https:\/\/www.investforbetterclimate.eu\/wp-content\/uploads\/2024\/06\/flag-de-275x183.png 275w, https:\/\/www.investforbetterclimate.eu\/wp-content\/uploads\/2024\/06\/flag-de-300x200.png 300w, https:\/\/www.investforbetterclimate.eu\/wp-content\/uploads\/2024\/06\/flag-de.png 900w\" sizes=\"auto, (max-width: 250px) 100vw, 250px\" \/>               \r\n        <\/div>\r\n                <div class=\"detail\">\t\r\n\t\t\t\u00ab\u00a0Vielen herzlichen Dank f\u00fcr die Unterlagen und vor allem f\u00fcr das Angebot der DSW, dieses Seminar zum Nachhaltigen Investment besuchen zu d\u00fcrfen! Es war sehr interessant und hat mir Spa\u00df gemacht\u00a0\u00bb          \r\n        <\/div>\r\n        <\/div>\r\n\t\t<\/li>\r\n                <li class=\"\"> \r\n        <div class=\"testimonies_content\">    \r\n            \r\n\t\t<div class=\"thumb\">        \t        \t\r\n            <img loading=\"lazy\" decoding=\"async\" width=\"250\" height=\"167\" src=\"https:\/\/www.investforbetterclimate.eu\/wp-content\/uploads\/2024\/06\/flag-fr-250x167.png\" class=\"attachment-medium size-medium wp-post-image\" alt=\"\u00ab\u00a0J&rsquo;ai suivi ce cours \u00e0 la demande de ma fille et il m&rsquo;a permis d&rsquo;am\u00e9liorer mes comp\u00e9tences dans le domaine de l&rsquo;investissement\u00a0\u00bb\" srcset=\"https:\/\/www.investforbetterclimate.eu\/wp-content\/uploads\/2024\/06\/flag-fr-250x167.png 250w, https:\/\/www.investforbetterclimate.eu\/wp-content\/uploads\/2024\/06\/flag-fr-512x341.png 512w, https:\/\/www.investforbetterclimate.eu\/wp-content\/uploads\/2024\/06\/flag-fr-768x512.png 768w, https:\/\/www.investforbetterclimate.eu\/wp-content\/uploads\/2024\/06\/flag-fr-400x267.png 400w, https:\/\/www.investforbetterclimate.eu\/wp-content\/uploads\/2024\/06\/flag-fr-275x183.png 275w, https:\/\/www.investforbetterclimate.eu\/wp-content\/uploads\/2024\/06\/flag-fr-300x200.png 300w, https:\/\/www.investforbetterclimate.eu\/wp-content\/uploads\/2024\/06\/flag-fr.png 900w\" sizes=\"auto, (max-width: 250px) 100vw, 250px\" \/>               \r\n        <\/div>\r\n                <div class=\"detail\">\t\r\n\t\t\t\u00ab\u00a0J&rsquo;ai suivi ce cours \u00e0 la demande de ma fille et il m&rsquo;a permis d&rsquo;am\u00e9liorer mes comp\u00e9tences dans le domaine de l&rsquo;investissement\u00a0\u00bb          \r\n        <\/div>\r\n        <\/div>\r\n\t\t<\/li>\r\n            <\/ul>\r\n    <\/div>\r\n    \n<\/div><\/div>\n\n<div class=\"wp-block-group\"><div class=\"wp-block-group__inner-container is-layout-constrained wp-block-group-is-layout-constrained\">\n<h2 class=\"wp-block-heading\"><strong>Talk about Your Money<\/strong><\/h2>\n\n\n\n<p>There are many places to learn about investing. IFBC-EU is unique. If you are like us and want to build your investing knowledge and grow your wealth, through open dialogue and utilising various resources on how to calculate your assets and liabilities and what you should look out for when building your portfolio for example, you are not alone. The IFBC \u2013 EU with its study groups \u2013 our Circle Experience \u2013 gives you exactly that.<\/p>\n<\/div><\/div>\n\n<div class=\"wp-block-group\"><div class=\"wp-block-group__inner-container is-layout-constrained wp-block-group-is-layout-constrained\">\n<h2 class=\"wp-block-heading\"><strong>Invest with Your Climate Values<\/strong><\/h2>\n\n\n\n<p>In addition, you might want to know the impact your investments are having in the world. You don\u2019t want your money invested in companies that are profiting from fossil fuels or nuclear energy. You want your money invested in companies that are creating solutions, forging a new path that will lead to a sustainable planet and society that you will feel proud handing off to your children and grandchildren. You want to uplift other women and support your local community. In our Modules, you will discover options to make the world a better place with your cash, your stocks \u2013 all your assets.<\/p>\n\n\n\n<p class=\"has-text-align-center\"><\/p>\n<\/div><\/div>\n","protected":false},"excerpt":{"rendered":"<p>Step into Your Financial Power Join our community and transform the world through values-aligned investing Invest for Better Climate EU is a programme that equips retail investors with the skills and confidence to take charge of their assets for positive change. Through a values-aligned investing community, expert-backed financial education, and facilitated learning circles, our members [&hellip;]<\/p>\n","protected":false},"author":1,"featured_media":0,"parent":0,"menu_order":41,"comment_status":"closed","ping_status":"closed","template":"","meta":{"footnotes":""},"class_list":["post-3274","page","type-page","status-publish","hentry"],"_links":{"self":[{"href":"https:\/\/www.investforbetterclimate.eu\/fr\/wp-json\/wp\/v2\/pages\/3274","targetHints":{"allow":["GET"]}}],"collection":[{"href":"https:\/\/www.investforbetterclimate.eu\/fr\/wp-json\/wp\/v2\/pages"}],"about":[{"href":"https:\/\/www.investforbetterclimate.eu\/fr\/wp-json\/wp\/v2\/types\/page"}],"author":[{"embeddable":true,"href":"https:\/\/www.investforbetterclimate.eu\/fr\/wp-json\/wp\/v2\/users\/1"}],"replies":[{"embeddable":true,"href":"https:\/\/www.investforbetterclimate.eu\/fr\/wp-json\/wp\/v2\/comments?post=3274"}],"version-history":[{"count":6,"href":"https:\/\/www.investforbetterclimate.eu\/fr\/wp-json\/wp\/v2\/pages\/3274\/revisions"}],"predecessor-version":[{"id":4097,"href":"https:\/\/www.investforbetterclimate.eu\/fr\/wp-json\/wp\/v2\/pages\/3274\/revisions\/4097"}],"wp:attachment":[{"href":"https:\/\/www.investforbetterclimate.eu\/fr\/wp-json\/wp\/v2\/media?parent=3274"}],"curies":[{"name":"wp","href":"https:\/\/api.w.org\/{rel}","templated":true}]}}